{"id":1281,"date":"2021-05-01T15:54:31","date_gmt":"2021-05-01T13:54:31","guid":{"rendered":"https:\/\/partner.charmingplaces.de\/about\/"},"modified":"2023-01-25T12:29:53","modified_gmt":"2023-01-25T11:29:53","slug":"about","status":"publish","type":"page","link":"https:\/\/partner.charmingplaces.de\/it\/about\/","title":{"rendered":"Referente"},"content":{"rendered":"<p>[et_pb_section fb_built=&#8221;1&#8243; _builder_version=&#8221;4.16&#8243; _module_preset=&#8221;c41768f9-e657-4ddd-9581-6005959ac3b5&#8243; global_colors_info=&#8221;{}&#8221;][et_pb_row _builder_version=&#8221;4.16&#8243; _module_preset=&#8221;f2a73223-42f5-4162-86fd-fa8941c3ea0d&#8221; global_colors_info=&#8221;{}&#8221;][et_pb_column type=&#8221;4_4&#8243; _builder_version=&#8221;4.16&#8243; custom_padding=&#8221;|||&#8221; global_colors_info=&#8221;{}&#8221; custom_padding__hover=&#8221;|||&#8221;][et_pb_text _builder_version=&#8221;4.16&#8243; header_font=&#8221;Playfair Display||||||||&#8221; header_line_height=&#8221;1.3em&#8221; background_size=&#8221;initial&#8221; background_position=&#8221;top_left&#8221; background_repeat=&#8221;repeat&#8221; header_font_size_tablet=&#8221;35px&#8221; header_font_size_phone=&#8221;21px&#8221; header_font_size_last_edited=&#8221;on|phone&#8221; global_colors_info=&#8221;{}&#8221;]<\/p>\n<h1 style=\"text-align: center;\">Anja Fischer: come nasce Gl\u00fccksmomente-Charmingplaces<\/h1>\n<p>[\/et_pb_text][et_pb_text _builder_version=&#8221;4.16&#8243; header_font=&#8221;Playfair Display||||||||&#8221; header_text_color=&#8221;#FFF47A&#8221; header_font_size=&#8221;200px&#8221; header_line_height=&#8221;1.3em&#8221; background_size=&#8221;initial&#8221; background_position=&#8221;top_left&#8221; background_repeat=&#8221;repeat&#8221; z_index=&#8221;-20&#8243; custom_margin=&#8221;-125px||||false|false&#8221; header_font_size_tablet=&#8221;35px&#8221; header_font_size_phone=&#8221;21px&#8221; header_font_size_last_edited=&#8221;on|phone&#8221; global_colors_info=&#8221;{}&#8221;]<\/p>\n<h1 style=\"text-align: center;\">1985<\/h1>\n<p>[\/et_pb_text][et_pb_image src=&#8221;https:\/\/partner.charmingplaces.de\/wp-content\/uploads\/2021\/04\/anja-fischer-ceo-charmingplaces.jpg&#8221; alt=&#8221;Anja Fischer CEO Charmingplaces&#8221; title_text=&#8221;Anja Fischer CEO Charmingplaces&#8221; _builder_version=&#8221;4.16&#8243; _module_preset=&#8221;default&#8221; custom_margin=&#8221;-68px||||false|false&#8221; custom_padding=&#8221;||||false|false&#8221; global_colors_info=&#8221;{}&#8221;][\/et_pb_image][\/et_pb_column][\/et_pb_row][et_pb_row _builder_version=&#8221;4.16&#8243; _module_preset=&#8221;782e528f-12d1-4027-a38e-b82cc62dc61b&#8221; width=&#8221;100%&#8221; max_width=&#8221;795px&#8221; module_alignment=&#8221;center&#8221; custom_padding=&#8221;0px||0px|||&#8221; global_colors_info=&#8221;{}&#8221;][et_pb_column type=&#8221;4_4&#8243; _builder_version=&#8221;4.16&#8243; _module_preset=&#8221;default&#8221; global_colors_info=&#8221;{}&#8221;][et_pb_text _builder_version=&#8221;4.16&#8243; _module_preset=&#8221;default&#8221; global_colors_info=&#8221;{}&#8221;]<\/p>\n<p><span class=\"dropcap\">\u00c8<\/span> iniziato nel 1985 con la societ\u00e0 Siglinde Fischer, che \u00e8 stata fondata dai miei genitori Siglinde e Karl Fischer. L&#8217;idea nacque dal puro amore e dalla passione per la Toscana e la sua gente. Nel 1995 ne sono diventata comproprietaria e dal 2005-2020 amministratore delegato, trasformandola in un boutique tour operator prestigioso e rinomato in tutto il mercato di lingua tedesca (DACH) che contava su un team competente e appassionato di 20 persone e migliaia di clienti soddisfatti ogni anno. Con il marchio &#8220;Charming Places&#8221;, abbiamo sviluppato un concetto straordinario, basato su un portfolio esclusivo di hotel, ville e appartamenti &#8211; selezionati con cura in tutta l\u2019area del Mediterraneo &#8211; che nella loro diversit\u00e0 avevano sempre una cosa in comune: stile, fascino e splendidi padroni di casa! (dal 2016 l\u2019azienda \u00e8 stata anche membro di Traveller Made come traveldesigner selezionato)<\/span><\/p>\n<p><span style=\"font-weight: 400;\">Nel 2018 ho deciso di fare un ulteriore passo importante: la fusione in un gruppo scandinavo, per aprire la strada al futuro. Abbiamo compiuto enormi passi verso la completa digitalizzazione della nostra offerta, con lo scopo di resistere alla dura guerra dei prezzi nel turismo, continuando ad offrire, nel contempo, un prodotto di nicchia con un servizio eccellente e un alto livello di competenza e passione. Dopo un anno di passaggio ai nuovi sistemi, il 2020 \u00e8 iniziato con una crescita di fatturato del 60%! In ufficio, io e il mio meraviglioso team abbiamo festeggiato ogni giorno i nostri successi con salti di gioia. L\u2019idea di un\u2019eccellente consulenza al cliente unita a un&#8217;infrastruttura IT unica aveva funzionato&#8230; Poi per\u00f2 \u00e8 arrivato il coronavirus e all&#8217;inizio di marzo 2020, da un giorno all&#8217;altro\u2026 il tuffo nel baratro. Sono seguiti mesi di lunghe riflessioni e intense considerazioni, in seguito alle quali ho deciso per un taglio doloroso, ma netto e senza debiti, conducendo cos\u00ec il prestigioso marchio e l&#8217;alta immagine della storica azienda, come una nave orgogliosa, nel suo ultimo porto: l\u2019insolvenza.<\/span><\/p>\n<p>[\/et_pb_text][\/et_pb_column][\/et_pb_row][\/et_pb_section][et_pb_section fb_built=&#8221;1&#8243; _builder_version=&#8221;4.16&#8243; _module_preset=&#8221;default&#8221; background_image=&#8221;https:\/\/partner.charmingplaces.de\/wp-content\/uploads\/2021\/04\/Anja-Fischer-Charmingplaces.jpg&#8221; background_position=&#8221;top_center&#8221; max_width=&#8221;1248px&#8221; module_alignment=&#8221;center&#8221; custom_margin=&#8221;||-21px|||&#8221; custom_padding=&#8221;40px||40px||true|false&#8221; border_width_all=&#8221;20px&#8221; border_color_all=&#8221;#FFFFFF&#8221; global_colors_info=&#8221;{}&#8221;][et_pb_row custom_padding_last_edited=&#8221;on|desktop&#8221; _builder_version=&#8221;4.16&#8243; _module_preset=&#8221;default&#8221; background_color=&#8221;#fff47a&#8221; width=&#8221;20vw&#8221; width_tablet=&#8221;30vw&#8221; width_phone=&#8221;45vw&#8221; width_last_edited=&#8221;on|phone&#8221; module_alignment=&#8221;center&#8221; min_height_tablet=&#8221;&#8221; min_height_phone=&#8221;&#8221; min_height_last_edited=&#8221;on|phone&#8221; height=&#8221;20vw&#8221; height_tablet=&#8221;30vw&#8221; height_phone=&#8221;45vw&#8221; height_last_edited=&#8221;on|tablet&#8221; custom_margin=&#8221;0px||0px||true|false&#8221; custom_padding=&#8221;0px||0px||true|false&#8221; custom_padding_tablet=&#8221;2vw||||false|true&#8221; custom_padding_phone=&#8221;7vw|3vw||3vw|false|true&#8221; border_radii=&#8221;on|50%|50%|50%|50%&#8221; global_colors_info=&#8221;{}&#8221;][et_pb_column type=&#8221;4_4&#8243; _builder_version=&#8221;4.16&#8243; _module_preset=&#8221;default&#8221; global_colors_info=&#8221;{}&#8221;][et_pb_text _builder_version=&#8221;4.16&#8243; _module_preset=&#8221;default&#8221; text_font=&#8221;playfair-regular||||||||&#8221; text_text_color=&#8221;#000000&#8243; text_font_size=&#8221;1.3vw&#8221; text_line_height=&#8221;1.4em&#8221; text_orientation=&#8221;center&#8221; background_layout=&#8221;dark&#8221; custom_padding=&#8221;3vw|2vw||2vw|false|true&#8221; custom_padding_tablet=&#8221;&#8221; custom_padding_phone=&#8221;0vw|1vw||1vw|false|true&#8221; custom_padding_last_edited=&#8221;on|phone&#8221; text_font_size_tablet=&#8221;2.3vw&#8221; text_font_size_phone=&#8221;3.5vw&#8221; text_font_size_last_edited=&#8221;on|phone&#8221; global_colors_info=&#8221;{}&#8221;]<\/p>\n<p><strong>Tuttavia, il mio chiaro motto \u00e8:<\/strong><br \/>dai momenti di crisi scaturiscono spesso le idee migliori ed \u00e8 cos\u00ec che \u00e8 nata la mia visione di Gl\u00fccksmomente-Charmingplaces.<\/p>\n<p>[\/et_pb_text][\/et_pb_column][\/et_pb_row][\/et_pb_section][et_pb_section fb_built=&#8221;1&#8243; _builder_version=&#8221;4.16&#8243; _module_preset=&#8221;default&#8221; max_width=&#8221;1248px&#8221; module_alignment=&#8221;center&#8221; global_colors_info=&#8221;{}&#8221;][et_pb_row _builder_version=&#8221;4.16&#8243; _module_preset=&#8221;782e528f-12d1-4027-a38e-b82cc62dc61b&#8221; width=&#8221;100%&#8221; max_width=&#8221;795px&#8221; module_alignment=&#8221;center&#8221; custom_padding=&#8221;0px||0px|||&#8221; global_colors_info=&#8221;{}&#8221;][et_pb_column type=&#8221;4_4&#8243; _builder_version=&#8221;4.16&#8243; _module_preset=&#8221;default&#8221; global_colors_info=&#8221;{}&#8221;][et_pb_text _builder_version=&#8221;4.16&#8243; _module_preset=&#8221;default&#8221; global_colors_info=&#8221;{}&#8221;]<\/p>\n<p>Gi\u00e0 durante i primi lockdowns dovuti al coronavirus, nella primavera del 2020, \u00e8 nata l&#8217;idea di intrattenere i nostri fedeli clienti con ispirazioni sui viaggi, tramite le nostre newsletter. L\u2019idea e il motto erano semplici: &#8220;sognare \u00e8 permesso&#8221;, per dare un accento positivo a quel momento difficile. Cos\u00ec ho cucinato per i miei clienti, condiviso consigli su libri e film e ho viaggiato con loro in luoghi lontani, attraverso descrizioni bellissime e immagini stimolanti. Le reazioni sono state immediate e del tutto travolgenti e, allo stesso tempo, hanno gettato le basi per un nuovo futuro: il nostro Gl\u00fccksmomente-Charmingplaces.<\/p>\n<p>In decenni di esperienza, ho imparato che il turismo del futuro non pu\u00f2 guardare solo alla soddisfazione del cliente, ma deve fondarsi anche su un rapporto reciproco positivo tra tutte le figure coinvolte: l\u2019ospite, l\u2019albergatore o chi offre l\u2019ospitalit\u00e0, i dipendenti, la tua destinazione e la nostra madre terra .<\/p>\n<p>[\/et_pb_text][\/et_pb_column][\/et_pb_row][et_pb_row _builder_version=&#8221;4.16&#8243; _module_preset=&#8221;default&#8221; max_width=&#8221;796px&#8221; custom_padding=&#8221;52px|||||&#8221; global_colors_info=&#8221;{}&#8221;][et_pb_column type=&#8221;4_4&#8243; _builder_version=&#8221;4.16&#8243; _module_preset=&#8221;default&#8221; global_colors_info=&#8221;{}&#8221;][et_pb_text quote_border_weight=&#8221;2px&#8221; quote_border_color=&#8221;#e5e5e5&#8243; _builder_version=&#8221;4.16&#8243; _module_preset=&#8221;default&#8221; text_font=&#8221;playfair-regular||||||||&#8221; text_font_size=&#8221;1.8em&#8221; text_line_height=&#8221;1.3em&#8221; quote_font=&#8221;playfair-regular||||||||&#8221; quote_font_size=&#8221;30px&#8221; quote_line_height=&#8221;1.3em&#8221; custom_padding=&#8221;|||30px|false|false&#8221; text_font_size_tablet=&#8221;1.5em&#8221; text_font_size_phone=&#8221;1.1em&#8221; text_font_size_last_edited=&#8221;on|phone&#8221; border_width_left=&#8221;2px&#8221; border_color_left=&#8221;#e5e5e5&#8243; global_colors_info=&#8221;{}&#8221; text_font_size__hover_enabled=&#8221;off|desktop&#8221;]<\/p>\n<p>A tale gioia nella condivisione di valori e nella collaborazione reciproca mi sono sempre votata. E questo \u00e8 esattamente lo scopo della piattaforma Gl\u00fccksmomente- Charmingplaces, che vuol riunire persone con gli stessi valori.<\/p>\n<p>[\/et_pb_text][\/et_pb_column][\/et_pb_row][\/et_pb_section][et_pb_section fb_built=&#8221;1&#8243; _builder_version=&#8221;4.16&#8243; _module_preset=&#8221;default&#8221; max_width=&#8221;1248px&#8221; module_alignment=&#8221;center&#8221; global_colors_info=&#8221;{}&#8221;][et_pb_row make_equal=&#8221;on&#8221; _builder_version=&#8221;4.16&#8243; _module_preset=&#8221;782e528f-12d1-4027-a38e-b82cc62dc61b&#8221; width=&#8221;100%&#8221; max_width=&#8221;1200px&#8221; custom_padding=&#8221;0px||0px|||&#8221; global_colors_info=&#8221;{}&#8221;][et_pb_column type=&#8221;4_4&#8243; _builder_version=&#8221;4.16&#8243; _module_preset=&#8221;default&#8221; global_colors_info=&#8221;{}&#8221;][et_pb_text _builder_version=&#8221;4.19.4&#8243; _module_preset=&#8221;default&#8221; link_font=&#8221;||||||||&#8221; link_text_color=&#8221;#F845B1&#8243; header_2_font=&#8221;playfair-regular||||||||&#8221; header_2_text_color=&#8221;#000000&#8243; header_2_font_size=&#8221;36px&#8221; custom_padding=&#8221;|||60px|false|false&#8221; hover_enabled=&#8221;0&#8243; global_colors_info=&#8221;{}&#8221; sticky_enabled=&#8221;0&#8243;]<\/p>\n<h2 class=\"text-narrow has-white-color has-text-color\">Antonella Caradonna<\/h2>\n<p>Gl\u00fccksmomente Hotel Scout per l&#8217;Italia e i paesi del Mediterraneo<br \/><a href=\"mailto:antonella@charmingplaces.de\"><span class=\"et-pb-icon\" style=\"font-size: 13px;\">\ue076<\/span> antonella@charmingplaces.de<\/a><\/p>\n<p><span style=\"font-weight: 400;\"><img loading=\"lazy\" decoding=\"async\" class=\"wp-image-1148 alignright size-large\" src=\"https:\/\/partner.charmingplaces.de\/wp-content\/uploads\/2021\/04\/Antonella-Charmingplaces-Scout-680x1024.jpg\" alt=\"Antonella Charmingplaces Scout\" width=\"445\" height=\"670\" \/>Vivo l\u00e0 dove gli altri vanno in vacanza: tra i vigneti delle colline toscane. Era scritto nel mio destino: affermarmi professionalmente proprio nel settore del turismo e far vivere in maniera tangibile alle persone di tutto il mondo quella bellezza che mi saluta ogni mattino. <\/span><\/p>\n<p>Amo il mio lavoro: se non riesci a trasformare il tuo lavoro in passione, allora trasforma le tue passioni in un lavoro. A me la vita ha dato questa chance e gliene sar\u00f2 sempre grata.<\/p>\n<p>Lavoro nel settore del travel e dell\u2019hospitality da quando ancora studiavo Lingue e Letterature Straniere all&#8217;Universit\u00e0 di Pisa: dai lavori stagionali in agriturismo, a impieghi di responsabilit\u00e0 presso un\u2019agenzia di viaggi. Dopo la laurea, e un anno eccitante e ricco di stimoli nel productmanagement del primo portale di prenotazioni online della Toscana, ho avuto la fortuna di approdare a quello che reputo uno dei lavori pi\u00f9 bello al mondo: per pi\u00f9 di 20 anni sono stata la principale Productmanager, responsabile Italia, per il prestigioso boutique tour operator tedesco Siglinde Fischer-Charming Places.<\/p>\n<p>In tutti questi anni, ho acquisito un alto livello di competenza: dalla definizione del prodotto all\u2019accurata selezione di strutture per la nostra collezione esclusiva, fino allo sviluppo continuo del prodotto sulla base di puntuali analisi di trend e di mercato. Il mio credo personale era lo stesso che mi accomunava ai nostri partner: il desiderio costante di proporre ai nostri ospiti il \u200b\u200bmeglio che il nostro bel paese ha da offrire. A corroborare tali collaborazioni vi \u00e8 sempre stata lealt\u00e0, fiducia e stima reciproca, motivo per cui ,nel corso degli anni, molti partner sono diventati anche veri amici.<\/p>\n<p>Recentemente, la fusione della Siglinde Fischer nel gruppo scandinavo Hideaways \u00e8 stata l\u2019occasione per conoscere altri mercati e padroneggiare anche i pi\u00f9 recenti sistemi di digitalizzazione, per una visione decisamente pi\u00f9 ampia nel settore del travel.<\/p>\n<p>All\u2019esperienza europea si \u00e8 sempre affiancata l\u2019esperienza toscana, dove mi occupo in prima persona della gestione di due strutture ricettive di famiglia. Per questo, conosco bene anche le esigenze di un host, parlo, per cosi dire, lo stesso linguaggio e riesco ad analizzare le problematiche da diverse prospettive.<br \/>Faccio inoltre parte del consiglio direttivo di AMOT, l\u2019Associazione degli Operatori Turistici del Comune di Montaione molto attiva nella promozione del territorio.<\/p>\n<p>Sono felice di continuare a far parte del team di Anja Fischer e poter mettere la mia competenza al servizio di questo bellissimo progetto: Gl\u00fccksmomente-Charmingplaces. Far vivere la bellezza del mio Paese, scoprire luoghi unici e i loro proprietari, con i quali condividiamo gli stessi valori \u2013 questo \u00e8 e rimane il mio compito nella vita.<\/p>\n<p>[\/et_pb_text][\/et_pb_column][\/et_pb_row][et_pb_row column_structure=&#8221;1_3,2_3&#8243; _builder_version=&#8221;4.16&#8243; _module_preset=&#8221;default&#8221; max_width=&#8221;980px&#8221; custom_padding=&#8221;46px|||||&#8221; global_colors_info=&#8221;{}&#8221;][et_pb_column type=&#8221;1_3&#8243; _builder_version=&#8221;4.16&#8243; _module_preset=&#8221;default&#8221; global_colors_info=&#8221;{}&#8221;][et_pb_text _builder_version=&#8221;4.16&#8243; _module_preset=&#8221;default&#8221; text_font=&#8221;brandon-regular|||on|||||&#8221; text_text_color=&#8221;#32D4FF&#8221; text_orientation=&#8221;right&#8221; global_colors_info=&#8221;{}&#8221;]<\/p>\n<p>Antonellas<br \/>momenti felici<\/p>\n<p>[\/et_pb_text][\/et_pb_column][et_pb_column type=&#8221;2_3&#8243; _builder_version=&#8221;4.16&#8243; _module_preset=&#8221;default&#8221; global_colors_info=&#8221;{}&#8221;][et_pb_text quote_border_weight=&#8221;2px&#8221; quote_border_color=&#8221;#e5e5e5&#8243; _builder_version=&#8221;4.16&#8243; _module_preset=&#8221;default&#8221; text_font=&#8221;playfair-regular||||||||&#8221; text_font_size=&#8221;1.8em&#8221; text_line_height=&#8221;1.3em&#8221; quote_font=&#8221;playfair-regular||||||||&#8221; quote_font_size=&#8221;30px&#8221; quote_line_height=&#8221;1.3em&#8221; custom_padding=&#8221;|||30px|false|false&#8221; text_font_size_tablet=&#8221;1.5em&#8221; text_font_size_phone=&#8221;1.1em&#8221; text_font_size_last_edited=&#8221;on|phone&#8221; border_width_left=&#8221;2px&#8221; border_color_left=&#8221;#e5e5e5&#8243; global_colors_info=&#8221;{}&#8221; text_font_size__hover_enabled=&#8221;off|desktop&#8221;]<\/p>\n<p>La vita \u00e8 bella! La felicit\u00e0 consiste nel saper cogliere tale bellezza in tutte le sue forme &#8211; la natura, l\u2019arte, la gente &#8211; e lasciarsi emozionare.<br \/>I colori delle case di un\u2019isola del mediterraneo che si riflettono nel blu del mare; un aperitivo al tramonto, a piedi nudi sulla spiaggia; un piccolo borgo pieno di storia, i palazzi di una citt\u00e0. La mia casa: la famiglia, il sorriso di mio figlio, il ricordo di mio padre, le cene estive all\u2019aperto con gli amici e del buon vino al canto delle cicale.<\/p>\n<p>[\/et_pb_text][\/et_pb_column][\/et_pb_row][\/et_pb_section][et_pb_section fb_built=&#8221;1&#8243; _builder_version=&#8221;4.16&#8243; _module_preset=&#8221;default&#8221; max_width=&#8221;1248px&#8221; module_alignment=&#8221;center&#8221; global_colors_info=&#8221;{}&#8221;][et_pb_row make_equal=&#8221;on&#8221; _builder_version=&#8221;4.16&#8243; _module_preset=&#8221;782e528f-12d1-4027-a38e-b82cc62dc61b&#8221; width=&#8221;100%&#8221; max_width=&#8221;1200px&#8221; custom_padding=&#8221;0px||0px|||&#8221; global_colors_info=&#8221;{}&#8221;][et_pb_column type=&#8221;4_4&#8243; _builder_version=&#8221;4.16&#8243; _module_preset=&#8221;default&#8221; global_colors_info=&#8221;{}&#8221;][et_pb_text _builder_version=&#8221;4.19.4&#8243; _module_preset=&#8221;default&#8221; link_text_color=&#8221;#F845B1&#8243; header_2_font=&#8221;playfair-regular||||||||&#8221; header_2_text_color=&#8221;#000000&#8243; header_2_font_size=&#8221;36px&#8221; custom_padding=&#8221;|||60px|false|false&#8221; global_colors_info=&#8221;{}&#8221;]<\/p>\n<h2 class=\"text-narrow has-white-color has-text-color\">Ilka Kewitz-Prill<\/h2>\n<p>Gl\u00fccksmomente Hotel Scout per Germania, Svizzera, Austria e Nord Europa<br \/><a href=\"mailto:ilka@charmingplaces.de\"><span class=\"et-pb-icon\" style=\"font-size: 13px;\">\ue076<\/span> ilka@charmingplaces.de<\/a><\/p>\n<p><img loading=\"lazy\" decoding=\"async\" class=\"wp-image-1153 alignleft size-large\" src=\"https:\/\/partner.charmingplaces.de\/wp-content\/uploads\/2021\/04\/Ilka-Charmingplaces-Scout-683x1024.jpg\" alt=\"Ilka Charmingplaces Scout\" width=\"445\" height=\"668\" \/>Sin da piccola avevo sempre la valigia pronta sotto al letto. Quella bambina \u00e8 diventata poi una grande viaggiatrice e un\u2019appassionata albergatrice.<br \/>Cresciuta nell\u2019attivit\u00e0 alberghiera dei miei genitori, ho scoperto molto presto la mia grande inclinazione per l\u2019hotellerie. La vita in hotel \u00e8 una vita colorata in cui ogni giorno si incontrano persone di diverse culture, interessi e desideri. Dai miei viaggi raccolgo molte impressioni, le annoto e ne ricevo sempre nuove ispirazioni.<br \/>Dopo la scuola alberghiera, ho deciso di studiare economia aziendale del turismo presso la Fachschule f\u00fcr Turismus di D\u00fcsseldorf. Nel 2001 ho frequentato l\u2019Universit\u00e0 di Stato a NYC e ho lavorato nel settore Marketing e Public Relations presso Benetton New York.<br \/>Rientrata in Germania, si sono susseguiti per me una serie di impieghi in Hotel 4 e 5 stelle \u2013 sia privati che di catena \u2013 in tutto il territorio tedesco, prima come Sales e Marketing Manager, poi Business Development Manager fino a General Manager.<br \/>Questa conoscenza ad ampio raggio mi ha dato una visione d\u2019insieme dell\u2019azienda. Conoscere le cose nei minimi dettagli, analizzarle e ottimizzarle. Ho acquisito cos\u00ec, in oltre 10 anni, una grande esperienza e capacit\u00e0 in management, leadership e gestione dei costi.<br \/>Muoversi e non stare mai fermi \u00e8 il mio motto nella vita. Amo la mia vita familiare: stare con mio marito e con i miei due fantastici figli mi d\u00e0 forza ed energia.<br \/>Frequento regolarmente vari club come lo Skal e il Russian Guild di Amburgo o l\u2019HDV, per favorire lo scambio di idee e conoscenze.<br \/>Tali esperienze, unite alla conoscenza del settore dell\u2019Hotellerie, si traducono in una meravigliosa visione a tutto tondo.<br \/>Arrivare al dunque delle cose, stabilire le priorit\u00e0 ed essere puntuale nei risultati: questo \u00e8 uno dei miei punti di forza. Sono molto esigente e desidero offrire ai miei clienti il miglior servizio possibile.<\/p>\n<p>[\/et_pb_text][\/et_pb_column][\/et_pb_row][et_pb_row column_structure=&#8221;1_3,2_3&#8243; _builder_version=&#8221;4.16&#8243; _module_preset=&#8221;default&#8221; max_width=&#8221;980px&#8221; custom_padding=&#8221;58px|||||&#8221; global_colors_info=&#8221;{}&#8221;][et_pb_column type=&#8221;1_3&#8243; _builder_version=&#8221;4.16&#8243; _module_preset=&#8221;default&#8221; global_colors_info=&#8221;{}&#8221;][et_pb_text _builder_version=&#8221;4.16&#8243; _module_preset=&#8221;default&#8221; text_font=&#8221;brandon-regular|||on|||||&#8221; text_text_color=&#8221;#32D4FF&#8221; text_orientation=&#8221;right&#8221; global_colors_info=&#8221;{}&#8221;]<\/p>\n<p>Ilkas<br \/>momenti felici<\/p>\n<p>[\/et_pb_text][\/et_pb_column][et_pb_column type=&#8221;2_3&#8243; _builder_version=&#8221;4.16&#8243; _module_preset=&#8221;default&#8221; global_colors_info=&#8221;{}&#8221;][et_pb_text quote_border_weight=&#8221;2px&#8221; quote_border_color=&#8221;#e5e5e5&#8243; _builder_version=&#8221;4.16&#8243; _module_preset=&#8221;default&#8221; text_font=&#8221;playfair-regular||||||||&#8221; text_font_size=&#8221;1.8em&#8221; text_line_height=&#8221;1.3em&#8221; quote_font=&#8221;playfair-regular||||||||&#8221; quote_font_size=&#8221;30px&#8221; quote_line_height=&#8221;1.3em&#8221; custom_padding=&#8221;|||30px|false|false&#8221; text_font_size_tablet=&#8221;1.5em&#8221; text_font_size_phone=&#8221;1.1em&#8221; text_font_size_last_edited=&#8221;on|phone&#8221; border_width_left=&#8221;2px&#8221; border_color_left=&#8221;#e5e5e5&#8243; global_colors_info=&#8221;{}&#8221; text_font_size__hover_enabled=&#8221;off|desktop&#8221;]<\/p>\n<p>Per me, ridere significa felicit\u00e0. Amo fare lunghe passeggiate nei boschi con i miei ragazzi; mi piace fare jogging, giocare a golf, scivolare gi\u00f9 per una pista innevata in montagna o catturare il fascino di una citt\u00e0 turbolenta; cucinare con gli amici e intessere intense conversazioni con persone stimolanti. Adoro l\u2019odore del caff\u00e8 e dei dolci fatti in casa. Amo l\u2019avventura, i viaggi e l\u2019individualit\u00e0; mi piace essere spontanea e farmi guidare semplicemente dalla luce, dalle sensazioni e dai dettagli.<\/p>\n<p>[\/et_pb_text][\/et_pb_column][\/et_pb_row][\/et_pb_section][et_pb_section fb_built=&#8221;1&#8243; module_id=&#8221;kontakt&#8221; _builder_version=&#8221;4.16&#8243; _module_preset=&#8221;c41768f9-e657-4ddd-9581-6005959ac3b5&#8243; background_color=&#8221;rgba(111,194,181,0.15)&#8221; global_colors_info=&#8221;{}&#8221;][et_pb_row _builder_version=&#8221;4.16&#8243; _module_preset=&#8221;default&#8221; global_colors_info=&#8221;{}&#8221;][et_pb_column type=&#8221;4_4&#8243; _builder_version=&#8221;4.16&#8243; _module_preset=&#8221;default&#8221; global_colors_info=&#8221;{}&#8221;][et_pb_text _builder_version=&#8221;4.16&#8243; _module_preset=&#8221;default&#8221; header_3_font=&#8221;playfair-regular||||||||&#8221; header_3_font_size=&#8221;34px&#8221; global_colors_info=&#8221;{}&#8221;]<\/p>\n<h3>Contatti<\/h3>\n<p>[\/et_pb_text][et_pb_text _builder_version=&#8221;4.16&#8243; _module_preset=&#8221;default&#8221; link_text_color=&#8221;#F845B1&#8243; global_colors_info=&#8221;{}&#8221;]<\/p>\n<p>Saremo lieti di rispondere a qualsiasi domanda.<br \/>\nScrivici &#8211; <a href=\"mailto:partner@charmingplaces.de\">partner@charmingplaces.de<\/a> o usa il seguente modulo di contatto.<\/p>\n<p>[\/et_pb_text][et_pb_wpt_gravityform gravityform_id=&#8221;gf-2&#8243; title=&#8221;off&#8221; description=&#8221;off&#8221; ajax=&#8221;on&#8221; text_input_bg_color=&#8221;#FFFFFF&#8221; _builder_version=&#8221;4.16&#8243; _module_preset=&#8221;default&#8221; global_colors_info=&#8221;{}&#8221;][\/et_pb_wpt_gravityform][et_pb_text _builder_version=&#8221;4.16&#8243; _module_preset=&#8221;default&#8221; global_colors_info=&#8221;{}&#8221;]<\/p>\n<p>* campi obbligatori<br \/>\nI dati inviati saranno trattati solo allo scopo di trattare la sua richiesta. Potete trovare ulteriori informazioni nella nostra politica sulla privacy\n<\/p>\n<p>[\/et_pb_text][\/et_pb_column][\/et_pb_row][\/et_pb_section]<\/p>\n","protected":false},"excerpt":{"rendered":"<p>Anja Fischer: come nasce Gl\u00fccksmomente-Charmingplaces1985\u00c8 iniziato nel 1985 con la societ\u00e0 Siglinde Fischer, che \u00e8 stata fondata dai miei genitori Siglinde e Karl Fischer. L&#8217;idea nacque dal puro amore e dalla passione per la Toscana e la sua gente. Nel 1995 ne sono diventata comproprietaria e dal 2005-2020 amministratore delegato, trasformandola in un boutique tour [&hellip;]<\/p>\n","protected":false},"author":1,"featured_media":0,"parent":0,"menu_order":0,"comment_status":"closed","ping_status":"closed","template":"","meta":{"_et_pb_use_builder":"on","_et_pb_old_content":"","_et_gb_content_width":"","footnotes":""},"class_list":["post-1281","page","type-page","status-publish","hentry"],"_links":{"self":[{"href":"https:\/\/partner.charmingplaces.de\/it\/wp-json\/wp\/v2\/pages\/1281","targetHints":{"allow":["GET"]}}],"collection":[{"href":"https:\/\/partner.charmingplaces.de\/it\/wp-json\/wp\/v2\/pages"}],"about":[{"href":"https:\/\/partner.charmingplaces.de\/it\/wp-json\/wp\/v2\/types\/page"}],"author":[{"embeddable":true,"href":"https:\/\/partner.charmingplaces.de\/it\/wp-json\/wp\/v2\/users\/1"}],"replies":[{"embeddable":true,"href":"https:\/\/partner.charmingplaces.de\/it\/wp-json\/wp\/v2\/comments?post=1281"}],"version-history":[{"count":10,"href":"https:\/\/partner.charmingplaces.de\/it\/wp-json\/wp\/v2\/pages\/1281\/revisions"}],"predecessor-version":[{"id":2231,"href":"https:\/\/partner.charmingplaces.de\/it\/wp-json\/wp\/v2\/pages\/1281\/revisions\/2231"}],"wp:attachment":[{"href":"https:\/\/partner.charmingplaces.de\/it\/wp-json\/wp\/v2\/media?parent=1281"}],"curies":[{"name":"wp","href":"https:\/\/api.w.org\/{rel}","templated":true}]}}